{"id":26,"date":"2019-10-30T14:09:56","date_gmt":"2019-10-30T13:09:56","guid":{"rendered":"http:\/\/jozefowski.art\/pl\/?page_id=26"},"modified":"2019-11-16T22:52:26","modified_gmt":"2019-11-16T21:52:26","slug":"fotografia","status":"publish","type":"page","link":"https:\/\/jozefowski.art\/pl\/fotografia\/","title":{"rendered":"FOTOGRAFIA"},"content":{"rendered":"<p>[et_pb_section fb_built=&#8221;1&#8243; _builder_version=&#8221;3.22&#8243; min_height=&#8221;887px&#8221;][et_pb_row _builder_version=&#8221;4.0.4&#8243;][et_pb_column type=&#8221;4_4&#8243; _builder_version=&#8221;4.0.4&#8243;][et_pb_post_title meta=&#8221;off&#8221; _builder_version=&#8221;4.0.4&#8243;][\/et_pb_post_title][et_pb_text _builder_version=&#8221;4.0.4&#8243; custom_padding=&#8221;||0px|||&#8221;]<\/p>\n<p style=\"text-align: justify;\">Na studiach w Lublinie traktowa\u0142em fotografi\u0119 jako us\u0142ugowe narz\u0119dzie do wypowiedzi artystycznych. Spotkanie z wieloma znakomitymi fotografami mia\u0142o miejsce w Lublinie dzi\u0119ki kontaktom z Galeri\u0105 Labirynt. Po wyje\u017adzie do Wroc\u0142awia, pod wp\u0142ywem obserwowania dzia\u0142alno\u015bci Galerii Foto-Medium-Art zmieni\u0142a si\u0119 moja postawa wobec fotografii. Jerzy Olek, prowadz\u0105cy t\u0119 galeri\u0119, by\u0142 znakomitym animatorem. Prezentowa\u0142 europejskie i polskie s\u0142awy na interesuj\u0105cych wystawach, ale te\u017c dawa\u0142 szans\u0119 wielu ludziom nieznanym, nie bacz\u0105c na notowania, tylko przygl\u0105daj\u0105c si\u0119 istocie propozycji. Temu miejscu zawdzi\u0119czam poznanie Andrzeja Jerzego Lecha, Jakuba Byrczka, Jardo Bene\u0161a i Wojciecha Zawadzkiego \u2013 kt\u00f3rzy w r\u00f3\u017cny spos\u00f3b, ale bardzo znacz\u0105co wp\u0142yn\u0119li na moje zainteresowanie fotografi\u0105. Bli\u017csze kontakty z Jardo Bene\u0161em z Czech i Jakubem Byrczkiem z\u00a0Katowic sprawi\u0142y, \u017ce zainicjowany zosta\u0142 wieloletni cykl wystaw fotografii kontaktowej, czyli inaczej m\u00f3wi\u0105c \u2013 fotografii kopiowanej stykowo. Wystawy te skupia\u0142y artyst\u00f3w pos\u0142uguj\u0105cych si\u0119 aparatami wielkoformatowymi i kopiuj\u0105cych negatyw metod\u0105 \u201ekontaktow\u0105\u201d na papierze stanowi\u0105cym odbitk\u0119 negatywu 1:1. <br \/>W latach osiemdziesi\u0105tych tworzy\u0142em rozbudowane aran\u017cacje s\u0142u\u017c\u0105ce do realizacji fotografii w\u00a0istotnych dla mnie miejscach. Pierwszym cyklem by\u0142y uk\u0142ady ze spreparowanych przeze mnie listew oklejonych papierem i cz\u0119\u015bciowo malowanych. Pracowa\u0142em z papierem gniecionym i rolkami papieru z pismem punktowym Braille\u2018a przeznaczonym dla niewidomych. Rekwizytami do aran\u017cacji cz\u0119sto stawa\u0142y si\u0119 przedmioty znajduj\u0105ce si\u0119 w mieszkaniu. Kontakty z Jakubem Byrczkiem zaowocowa\u0142y mo\u017cliwo\u015bci\u0105 zrealizowania w jego katowickim studiu cyklu fotografii aran\u017cowanych. By\u0142y to fotografie z modelk\u0105 ubran\u0105 w papierowe sto\u017cki i pozuj\u0105c\u0105 w du\u017cych przestrzeniach teatralnie udrapowanych papierami. Wielokrotne wystawy artyst\u00f3w z kr\u0119gu fotografii kontaktowej przyczyni\u0142y si\u0119 do zawarcia wielu, trwaj\u0105cych do dzi\u015b, przyja\u017ani. Najwa\u017cniejsze z nich to Ewa Andrzejewska, Wojciech Zawadzki i Maciej Hnatiuk. Ewa i Wojtek organizowali Biennale Fotografii G\u00f3rskiej, prowadzili galeri\u0119 fotografii oraz organizowali plenery fotograficzne w Karkonoszach, kt\u00f3re odbywa\u0142y si\u0119 w schroniskach. Prawie dwadzie\u015bcia lat je\u017adzi\u0142em na nie i fotografowa\u0142em g\u0142\u00f3wnie z powodu przyjemno\u015bci obcowania z nimi, a du\u017co mniej z powodu zainteresowania fotografi\u0105 g\u00f3rsk\u0105. Dla samego sposobu fotografowania znacz\u0105cym faktem by\u0142o nabycie w 1999 roku camery obscury w\u00a0formacie 4 \u00d7 5 cala. Zapocz\u0105tkowa\u0142o to prace fotograficzne wykonywane przy jej u\u017cyciu, najpierw w formacie 4 \u00d7 5 cala przez kilkana\u015bcie lat, a potem po skonstruowaniu nast\u0119pnej, w\u00a0formacie 13 \u00d7 18 cm. W ko\u0144cowym etapie mojego zainteresowania fotografi\u0105 naby\u0142em w\u00a02013 roku wielkoformatow\u0105 kamer\u0119 obiektywow\u0105 o formacie 10 \u00d7 8 cala. Zako\u0144czenie dzia\u0142alno\u015bci w\u00a0obszarze fotografii otworkowej mia\u0142o miejsce po pi\u0119tnastu latach, w 2014 roku, w kt\u00f3rym wr\u00f3ci\u0142em do fotografii obiektywowej. <br \/>Do pracy fotograficznej najcz\u0119\u015bciej inspirowali mnie przyjaciele. Kontakt z Maciejem Hnatiukiem skutkowa\u0142 nowymi realizacjami fotograficznymi. W\u00a0latach 2013\u20132014 w\u00a0jego studiu fotograficznym w Wa\u0142brzychu zrealizowa\u0142em dwie sesje fotograficzne z\u00a0u\u017cyciem kamery wielkoformatowej 10 \u00d7 8 cala. Powsta\u0142y trzy cykle fotografii: Drzwi, Zamkni\u0119cia i otwarcia, Kraty \u2013 stanowi\u0105ce jednocze\u015bnie dzia\u0142ania performatywne, kt\u00f3rych zapis z u\u017cyciem wielokrotnych na\u015bwietle\u0144 odbywa\u0142 si\u0119 na tradycyjnych materia\u0142ach negatywowych. Po ich realizacji w roku 2014 sprzeda\u0142em lub rozda\u0142em ca\u0142y sprz\u0119t do fotografii obrabianej chemicznie. W roku 2017, po \u015bmierci Wojtka Zawadzkiego i\u00a0Ewy Andrzejewskiej, zdecydowa\u0142em si\u0119 na przerwanie aktywno\u015bci w dziedzinie fotografii g\u00f3rskiej.<\/p>\n<p>[\/et_pb_text][et_pb_gallery posts_number=&#8221;24&#8243; orientation=&#8221;portrait&#8221; hover_icon=&#8221;%%15%%&#8221; _builder_version=&#8221;4.0.4&#8243; title_level=&#8221;h6&#8243; title_text_align=&#8221;center&#8221; title_font_size=&#8221;13px&#8221; text_orientation=&#8221;center&#8221; height=&#8221;141px&#8221; max_height=&#8221;100px&#8221; custom_padding=&#8221;0px|0px|0px|0px|true|true&#8221; link_option_url_new_window=&#8221;on&#8221; hover_enabled=&#8221;0&#8243; saved_tabs=&#8221;all&#8221; global_module=&#8221;343&#8243; gallery_ids=&#8221;812,813,814,815,816,817,818,819,820,821,822,823,824,825,826,827,828,829,830,831,832,833,834,835,836,837,838,839,840,841,842,843,844,845,846,847,848,849,850,851,852,853,854,855,856,857,858,859,860,861,862,863,864,865,866,867,868,869,870,871,872,873,874,875,876,877,878,879,880,881,882,883,884,885,886,887,888,889,890,891,892,893,894,895,896,897,898,899,900,901,902,903,904,905,906,907,908,909,910,911,912,913,914,915,916,917,918,919,920,921,922,923,924,925,926,927,928,929,930,931&#8243;][\/et_pb_gallery][\/et_pb_column][\/et_pb_row][\/et_pb_section]<\/p>\n","protected":false},"excerpt":{"rendered":"<p>Na studiach w Lublinie traktowa\u0142em fotografi\u0119 jako us\u0142ugowe narz\u0119dzie do wypowiedzi artystycznych. Spotkanie z wieloma znakomitymi fotografami mia\u0142o miejsce w Lublinie dzi\u0119ki kontaktom z Galeri\u0105 Labirynt. Po wyje\u017adzie do Wroc\u0142awia, pod wp\u0142ywem obserwowania dzia\u0142alno\u015bci Galerii Foto-Medium-Art zmieni\u0142a si\u0119 moja postawa wobec fotografii. Jerzy Olek, prowadz\u0105cy t\u0119 galeri\u0119, by\u0142 znakomitym animatorem. Prezentowa\u0142 europejskie i polskie s\u0142awy [&hellip;]<\/p>\n","protected":false},"author":1,"featured_media":0,"parent":0,"menu_order":0,"comment_status":"closed","ping_status":"closed","template":"","meta":{"_et_pb_use_builder":"on","_et_pb_old_content":"","_et_gb_content_width":"","footnotes":""},"class_list":["post-26","page","type-page","status-publish","hentry"],"_links":{"self":[{"href":"https:\/\/jozefowski.art\/pl\/wp-json\/wp\/v2\/pages\/26","targetHints":{"allow":["GET"]}}],"collection":[{"href":"https:\/\/jozefowski.art\/pl\/wp-json\/wp\/v2\/pages"}],"about":[{"href":"https:\/\/jozefowski.art\/pl\/wp-json\/wp\/v2\/types\/page"}],"author":[{"embeddable":true,"href":"https:\/\/jozefowski.art\/pl\/wp-json\/wp\/v2\/users\/1"}],"replies":[{"embeddable":true,"href":"https:\/\/jozefowski.art\/pl\/wp-json\/wp\/v2\/comments?post=26"}],"version-history":[{"count":3,"href":"https:\/\/jozefowski.art\/pl\/wp-json\/wp\/v2\/pages\/26\/revisions"}],"predecessor-version":[{"id":932,"href":"https:\/\/jozefowski.art\/pl\/wp-json\/wp\/v2\/pages\/26\/revisions\/932"}],"wp:attachment":[{"href":"https:\/\/jozefowski.art\/pl\/wp-json\/wp\/v2\/media?parent=26"}],"curies":[{"name":"wp","href":"https:\/\/api.w.org\/{rel}","templated":true}]}}