{"id":1453,"date":"2020-01-12T12:19:50","date_gmt":"2020-01-12T11:19:50","guid":{"rendered":"https:\/\/jozefowski.art\/pl\/?page_id=1453"},"modified":"2020-01-14T23:46:33","modified_gmt":"2020-01-14T22:46:33","slug":"1453-2","status":"publish","type":"page","link":"https:\/\/jozefowski.art\/pl\/1453-2\/","title":{"rendered":"Udzia\u0142 w wystawach i prezentacjach zbiorowych"},"content":{"rendered":"<p>[et_pb_section fb_built=&#8221;1&#8243; _builder_version=&#8221;4.0.4&#8243;][et_pb_row _builder_version=&#8221;4.0.4&#8243;][et_pb_column type=&#8221;4_4&#8243; _builder_version=&#8221;4.0.4&#8243;][et_pb_image src=&#8221;https:\/\/jozefowski.art\/pl\/wp-content\/uploads\/2020\/01\/zestaw-prac1.jpg&#8221; _builder_version=&#8221;4.0.4&#8243; hover_enabled=&#8221;0&#8243; animation_style=&#8221;slide&#8221;][\/et_pb_image][et_pb_text _builder_version=&#8221;4.0.4&#8243;]<\/p>\n<h3><strong>DOROBEK ARTYSTYCZNY<\/strong><\/h3>\n<h3><strong>Udzia\u0142 w wystawach i prezentacjach zbiorowych<\/strong><\/h3>\n<p><strong><\/strong><\/p>\n<p><strong>1983<\/strong><\/p>\n<ul>\n<li>\u201eIV Og\u00f3lnopolski Konkurs Graficzny\u201d, Muzeum Okr\u0119gowe, Jelenia G\u00f3ra<\/li>\n<li>\u201eDom i wychowanie\u201d, Pa\u0142ac Kultury i Nauki, Warszawa<\/li>\n<\/ul>\n<p>\u00a0\u00a0<strong>1984<\/strong><\/p>\n<ul>\n<li>\u201eV Og\u00f3lnopolska Wystawa M\u0142odej Grafiki\u201d, Biuro Wystaw Artystycznych, Pozna\u0144<\/li>\n<li>\u201epARTner\u201d, Biuro Wystaw Artystycznych, Wroc\u0142aw<\/li>\n<li>\u201eVIII Og\u00f3lnopolska Wystawa Pokonkursowa Grafiki\u201d, BWA, \u0141\u00f3d\u017a<\/li>\n<li>\u201eVII Norweskie Mi\u0119dzynarodowe Biennale Grafiki\u201d, Friedrikstad, Norwegia<\/li>\n<li>\u201eWarsztaty tw\u00f3rcze pARTner\u201d, Instytut Wzornictwa Przemys\u0142owego, Warszawa<\/li>\n<li>\u201eXI Biennale Grafiki U\u017cytkowej\u201d, Galeria Morawska, Brno, Czechos\u0142owacja<\/li>\n<\/ul>\n<p>\u00a0<strong>1985<\/strong><\/p>\n<ul>\n<li>\u201ePiwnica \u2013 strych\u201d, Biuro Wystaw Artystycznych, \u0141\u00f3d\u017a<\/li>\n<li>\u201eSztuka Akcji z Dzie\u0107mi\u201d, Biuro Wystaw Artystycznych, \u0141\u00f3d\u017a<\/li>\n<li>\u201eDOM\u201d, Instytut Wzornictwa Przemys\u0142owego, Warszawa<\/li>\n<li>\u201eV Og\u00f3lnopolski Konkurs Graficzny\u201d, Muzeum Okr\u0119gowe, Jelenia G\u00f3ra<\/li>\n<li>\u201eInna, nowa ksi\u0105\u017cka dla dziecka\u201d, Biuro Wystaw Artystycznych, Pozna\u0144; Biblioteka Miejska w Pradze \u201886<\/li>\n<\/ul>\n<p>\u00a0<strong>1986<\/strong><\/p>\n<ul>\n<li>\u201eVII Biennale Sztuki dla Dziecka\u201d, Biuro Wystaw Artystycznych, Pozna\u0144<\/li>\n<li>\u201eOg\u00f3lnopolski konkurs na opracowanie graficzne ksi\u0105\u017cek dla dzieci i m\u0142odzie\u017cy\u201d, Pa\u0142ac Kultury, Pozna\u0144<\/li>\n<li>\u201eOg\u00f3lnopolska Wystawa Grafiki\u201d, Biuro Wystaw Artystycznych, Szczecin<\/li>\n<\/ul>\n<p>\u00a0\u00a0<strong>1987<\/strong><\/p>\n<ul>\n<li>\u201eXIII Biennale Ma\u0142ej Formy Graficznej\u201d, Saint Niklaas, Belgia<\/li>\n<li>\u201eII Biennale Sztuki Nowej\u201d, Biuro Wystaw Artystycznych, Zielona G\u00f3ra<\/li>\n<li>\u201eWystawa Grafiki Marynistycznej\u201d, Muzeum Narodowe, Gda\u0144sk<\/li>\n<li>\u201eM\u0142odzi Polscy Ilustratorzy\u201d, Klub \u201eAlbatros\u201d, Praga, Czechos\u0142owacja<\/li>\n<li>\u201eDroga i Prawda\u201d, Krajowe Biennale M\u0142odych, Wroc\u0142aw<\/li>\n<li>\u201eMiniatura \u2013 I Og\u00f3lnopolska Wystawa\u201d, Galeria 85, Bydgoszcz<\/li>\n<li>\u201eMa\u0142e grafiki \u2013 polscy arty\u015bci\u201d, Galeria TNO, Apeldoorn, Holandia<\/li>\n<\/ul>\n<p>\u00a0<strong>1988<\/strong><\/p>\n<ul>\n<li>\u201eI Biennale Ma\u0142ych Form Malarskich\u201d, Biuro Wystaw Artystycznych, Toru\u0144<\/li>\n<li>\u201eArsena\u0142 88 \u2013 Og\u00f3lnopolska Wystawa M\u0142odej Plastyki\u201d, Warszawa<\/li>\n<li>\u201e10 polskich grafik\u00f3w\u201d, Deventer, Holandia<\/li>\n<li>\u201eNatura matk\u0105 ludzi \u2013 V Og\u00f3lnopolski konkurs\u201d, Biuro Wystaw Artystycznych, Suwa\u0142ki<\/li>\n<li>\u201eMi\u0119dzynarodowy konkurs exlibrisu \u2013 Gabriele d\u2019Anunzio\u201d, Pescara, W\u0142ochy<\/li>\n<\/ul>\n<p>\u00a0\u00a0<strong>1989<\/strong><\/p>\n<ul>\n<li>\u201eKontakty\u201d, fotografia, Biuro Wystaw Artystycznych, Zielona G\u00f3ra \/ Biuro Wystaw Artystycznych, Jelenia G\u00f3ra<\/li>\n<li>\u201eXIV Biennale Ma\u0142ej Formy Graficznej\u201d, Saint Niklaas, Belgia<\/li>\n<li>\u201eVIII Biennale Sztuki dla Dziecka\u201d, Pa\u0142ac M\u0142odzie\u017cy, Pozna\u0144<\/li>\n<li>\u201eUczestnictwo we wsp\u00f3lnocie\u201d, Kladno, Czechy<\/li>\n<li>\u201eOg\u00f3lnopolski Konkurs na Grafik\u0119 Warsztatow\u0105 \u2013 Karimex\u201d, Biuro Wystaw Artystycznych, \u0141\u00f3d\u017a<\/li>\n<li>\u201eMiniatury\u201d, Del Bello Gallery, Toronto, Kanada<\/li>\n<\/ul>\n<p>\u00a0\u00a0<strong>1990<\/strong><\/p>\n<ul>\n<li>\u201eII Biennale Ma\u0142ych Form Malarskich\u201d, Biuro Wystaw Artystycznych, Toru\u0144<\/li>\n<li>\u201eWobec warto\u015bci\u201d, II Og\u00f3lnopolskie Biennale Grafiki, Muzeum Archidiecezjalne, Katowice<\/li>\n<\/ul>\n<p>\u00a0\u00a0<strong>1991<\/strong><\/p>\n<ul>\n<li>\u201eIV Biennale Ma\u0142ej Formy Graficznej i Ekslibrisu\u201d, Ostr\u00f3w Wielkopolski<\/li>\n<li>\u201eKontynuacje\u201d, Muzeum Narodowe, Wroc\u0142aw<\/li>\n<li>\u201eGraficy z Polski\u201d, Winschoten, Holandia<\/li>\n<li>\u201eXV Biennale Ma\u0142ej Formy Graficznej\u201d, Saint Niklaas, Belgia<\/li>\n<\/ul>\n<p>\u00a0\u00a0<strong>1992<\/strong><\/p>\n<ul>\n<li>\u201eKontakty \u2013 Spotkania\u201d, wystawa fotografii, Galeria Fotografii ZPAF, Katowice \/ Biuro Wystaw Artystycznych Jelenia G\u00f3ra<\/li>\n<li>\u201eXV Biennale Grafiki U\u017cytkowej\u201d, Galeria Morawska, Brno, Czechos\u0142owacja<\/li>\n<li>\u201eWobec warto\u015bci \u2013 IV Og\u00f3lnopolskie Biennale Grafiki\u201d, Muzeum Archidiecezjalne, Katowice<\/li>\n<\/ul>\n<p><strong>1993<\/strong><\/p>\n<ul>\n<li>\u201eIX Biennale Sztuki dla Dziecka \u2013 Ponad granicami, ponad podzia\u0142ami\u201d, Pozna\u0144<\/li>\n<\/ul>\n<p>\u00a0\u00a0<strong>1994<\/strong><\/p>\n<ul>\n<li>\u201eKontakty III\u201d, BWA Jelenia G\u00f3ra \/ Galeria \u201epf\u201d \u2013 Pozna\u0144 \/ Galeria Pusta, Katowice<\/li>\n<\/ul>\n<p>\u00a0<strong>1995<\/strong><\/p>\n<ul>\n<li>\u201ePola Sztuki\u201d, I Mi\u0119dzynarodowa Konferencja Estetyczna, Zielona G\u00f3ra<\/li>\n<li>\u201eX Biennale Sztuki dla Dziecka\u201d, Galeria Polony, Pozna\u0144<\/li>\n<li>\u201eI Biennale Sztuki Ksi\u0105\u017cki\u201d, Martin, S\u0142owacja<\/li>\n<\/ul>\n<p>\u00a0<strong>1996<\/strong><\/p>\n<ul>\n<li>\u201eWoda\u201d, III Letnia Akademia Sztuki INSEA, Za\u0142\u0119cze k \/ Wielunia<\/li>\n<li>\u201eIX Biennale Fotografii G\u00f3rskiej\u201d, Muzeum Karkonoskie, Jelenia G\u00f3ra<\/li>\n<\/ul>\n<p><strong>1997<\/strong><\/p>\n<ul>\n<li>\u201eWsp\u00f3\u0142czesna Polska Sztuka Ksi\u0105\u017cki\u201d, Galeria Domu Plastyka, Warszawa<\/li>\n<li>\u201ePendulum\u201d, XI Biennale Sztuki dla Dziecka, Pozna\u0144<\/li>\n<li>\u201ePowietrze\u201d, IV Letnia Akademia Sztuki INSEA, Za\u0142\u0119cze k\/ Wielunia<\/li>\n<li>\u201eIII Biennale Ma\u0142ych Form Malarskich\u201d, Toru\u0144<\/li>\n<li>\u201eEkslibris wroc\u0142awski i ma\u0142e formy grafiki\u201d, Galeria \u201ePod Plafonem\u201d, Wroc\u0142aw<\/li>\n<li>\u201e2. Biennale Sztuki Ksi\u0105\u017cki\u201d, Martin, S\u0142owacja<\/li>\n<\/ul>\n<p>\u00a0<strong>1998<\/strong><\/p>\n<ul>\n<li>\u201eKontakty\u201d, fotografia, Galeria Pusta, Katowice \/ Biuro Wystaw Artystycznych, Jelenia G\u00f3ra \/ Galeria \u201epf \u201d, Pozna\u0144 \/ ASP Gda\u0144sk \/ Galeria \u201eArtemis\u201d, Krak\u00f3w \/ Galeria Nowomiestne Radnice, Praga, Czechy<\/li>\n<li>\u201eWsp\u00f3\u0142czesna Polska Sztuka Ksi\u0105\u017cki\u201d, Galeria ZPAP, Warszawa<\/li>\n<li>\u201ePo pi\u0119\u0107dziesi\u0105tce\u201d, Wystawa jubileuszowa ZPAP Muzeum Arsena\u0142, Wroc\u0142aw<\/li>\n<li>\u201eOkna Historii\u201d, V Letnia Akademia Sztuki INSEA, Kazimierz Dolny<\/li>\n<li>\u201eX Biennale Fotografii G\u00f3rskiej\u201d, Galeria Sztuki Biuro Wystaw Artystycznych, Jelenia G\u00f3ra<\/li>\n<\/ul>\n<p>\u00a0<strong>1999<\/strong><\/p>\n<ul>\n<li>\u201eSpotkania warsztatowe\u201d, Galeria Biura Wystaw Artystycznych, Zielona G\u00f3ra<\/li>\n<li>\u201eMoja Ziemia\u201d, Muzeum Ziemi PAN, Warszawa<\/li>\n<li>\u201eWsp\u00f3\u0142czesna Polska Sztuka Ksi\u0105\u017cki\u201d, Biblioteka Narodowa, Warszawa \/ Mi\u0119dzynarodowe Targi Ksi\u0105\u017cki w Jerozolimie, Izrael \/ Boekeenmarkt w Deventer, Holandia \/ Johannes a Laco Bibliothek w Emden \/ Politechnika Hannover, Niemcy<\/li>\n<li>\u201eXII Biennale Sztuki dla Dziecka\u201d, Park na Cytadeli, Pozna\u0144<\/li>\n<li>\u201eI Konkurs Fotografii Otworkowej\u201d, Forum Form Fotograficznych w Kostrzyniu<\/li>\n<li>\u201eContact 1 polnische Photographie\u201d, Fotogalerie LichtBild, Wiesbaden, Niemcy<\/li>\n<li>\u201eContact 2 polnische Malerei\u201d, Galerie Sibylle von Oppeln, Wiesbaden, Niemcy<\/li>\n<li>\u201eKarkonoskie Dni Ziemi\u201d pod tytu\u0142em \u201e\u015awi\u0119to Bobru\u201d, Jelenia G\u00f3ra<\/li>\n<li>\u201e10 Mi\u0119dzynarodowa Letnia Akademia INSEA\u201d, Scheersberg, Niemcy<\/li>\n<li>\u201eVI Mi\u0119dzynarodowa Letnia Akademia Sztuki P.K. INSEA\u201d w Raciborzu<\/li>\n<li>\u201eBia\u0142a \u2013L\u0105decka 99\u201d, Wystawa poplenerowa, Hotel Mir\u2013Jan, L\u0105dek Zdr\u00f3j<\/li>\n<li>\u201eXIII Og\u00f3lnopolska Powarsztatowa Wystawa Fotograficzna Bronisz\u00f3w\u201d, Klub \u201ePod Kaczk\u0105\u201d, Zielona G\u00f3ra<\/li>\n<li>\u201e5th Wexford Artists\u2019 Book Exhibition\u201d, Wexford Arts Centre, Irlandia<\/li>\n<li>\u201e3 Biennale Sztuki Ksi\u0105\u017cki\u201d, Martin, S\u0142owacja<\/li>\n<\/ul>\n<p>\u00a0<strong>2000<\/strong><\/p>\n<ul>\n<li>\u201eKsi\u0119ga 2000\u201d, Galeria Lufcik, Warszawa<\/li>\n<li>\u201eWsp\u00f3\u0142czesna Polska Sztuka Ksi\u0105\u017cki\u201d, Galeria Domu Artysty Plastyka Warszawa (wsp\u00f3lnie z Magdalen\u0105 Abakanowicz, Zbigniewem Makowskim, Zdzis\u0142awem Beksi\u0144skim, Janem Tarasinem i Henrykiem Wa\u0144kiem)<\/li>\n<li>\u201eWystawa prac pedagog\u00f3w Instytutu Sztuki w Cieszynie\u201d, Galeria \u201ePi\u0119tro Wy\u017cej\u201d, G\u00f3rno\u015bl\u0105skie Centrum Kultury, Katowice<\/li>\n<li>\u201eFarbspiele\u201d prezentacja prac malarskich (wsp\u00f3lnie z Krzysztofem \u017belechowskim i Mirkiem Antoniewiczem), Galeria \u201eA\u201d, Starnberg, Niemcy<\/li>\n<li>\u201eMoja Ziemia\u201d, Muzeum Ziemi PAN, Warszawa<\/li>\n<li>\u201eXI Biennale Fotografii G\u00f3rskiej\u201d, Muzeum Okr\u0119gowe, Jelenia G\u00f3ra<\/li>\n<li>\u201eKontakty czas prze\u0142omu \u2013 prze\u0142om czasu\u201d, fotografia, Galeria Pusta, Katowice \/ Galeria BWA, Jelenia G\u00f3ra \/ Galeria BWA, Zielona G\u00f3ra \/ Galeria Stara ZPAF\u201d, Warszawa \/ Galeria Domu Fotografii, Praga,Czechy \/ ASP, Gda\u0144sk<\/li>\n<li>\u201eIII Europejska Mi\u0119dzyuczelniana Akademia Sztuki Labirynt 2000\u201d, warsztaty tw\u00f3rcze z dzie\u0107mi, Pozna\u0144<\/li>\n<li>\u201eSztuka Ulicy\u201d, Festiwal Artystyczny performance fotograficzny, Warszawa<\/li>\n<li>\u201eVII Mi\u0119dzynarodowa Letnia Akademia Sztuki INSEA\u201d, warsztaty tw\u00f3rcze z doros\u0142ymi, Pa\u0142ac w Przytoku<\/li>\n<\/ul>\n<p><strong>2001<\/strong><\/p>\n<ul>\n<li>Mi\u0119dzynarodowe Targi Ksi\u0105\u017cki \u201eBuchmesse\u201d, prezentacja ksi\u0105\u017cek artystycznych i malarstwa, Frankfurt nad Menem, Niemcy<\/li>\n<li>\u201eWsp\u00f3\u0142czesna Polska Ksi\u0105\u017cka Artystyczna\u201d,prezentacja ksi\u0105\u017cek artystycznych, Muzeum Piast\u00f3w \u015al\u0105skich, Brzeg<\/li>\n<li>\u201e4 Biennale Sztuki Ksi\u0105\u017cki\u201d, prezentacja ilustracji ksi\u0105\u017ckowych, Martin, S\u0142owacja<\/li>\n<\/ul>\n<p><strong>2002<\/strong><\/p>\n<ul>\n<li>\u201e14\/20\u201d, wystawa grafiki wsp\u00f3lnie z Mirkiem Antoniewiczem i Krzysztofem \u017belechowskim, Galeria \u201eM\u201c, Stare Jatki, Wroc\u0142aw<\/li>\n<li>\u201eEksperymenty w fotografii\u201d, Galeria Polnischer Kultur Salon, wystawa fotografii wsp\u00f3lnie z Maciejem Hnatiukiem i Andrzejem Plochem, Wiesbadener Fototage, Wiesbaden, Niemcy<\/li>\n<li>\u201eIX Mi\u0119dzynarodowa Akademia Sztuki INSEA\u201c, Racib\u00f3rz<\/li>\n<\/ul>\n<p>\u00a0\u00a0<strong>2003<\/strong><\/p>\n<ul>\n<li>\u201e5 Triennale Grafiki Polskiej\u201d, Katowice<\/li>\n<li>\u201eTy+ja\u201d, Galeria Sztuki \u201ePatio\u201d, WSHE, \u0141\u00f3d\u017a<\/li>\n<li>\u201eMatinee des Polnischen Kultursalons im Pariser Hoftheater\u201c, Wiesbaden, Niemcy<\/li>\n<li>\u201eKsi\u0105\u017cki\u201c, wystawa ksi\u0105\u017cek artystycznych, Galeria Biuro Wystaw Artystycznych w Jeleniej G\u00f3rze<\/li>\n<li>\u201eX Mi\u0119dzynarodowa Akademia Sztuki INSEA\u201c, Jelenia G\u00f3ra<\/li>\n<\/ul>\n<p><strong>2004<\/strong><\/p>\n<ul>\n<li>V Festiwal Sztuki Wysokiej \u201eUwi\u0119zieni w czasie\u2026 roku 2004\u201d, Galeria Stalowe Anio\u0142y, Bytom<\/li>\n<li>\u201eTw\u00f3rcy \u2013 pedagodzy UAM w Kaliszu\u201d, Muzeum T. Kulisiewicza, Kalisz<\/li>\n<li>\u201eXI Mi\u0119dzynarodowa Akademia Sztuki INSEA\u201c, Jelenia G\u00f3ra<\/li>\n<\/ul>\n<p>\u00a0<strong>2005<\/strong><\/p>\n<ul>\n<li>\u201eKunstler \u2013padagogen\u201d, Gustav\u2013Lubcke\u2013 Museum, Hamm, Niemcy<\/li>\n<li>\u201ePolska Ksi\u0105\u017cka Artystyczna\u201d, Kunstindustrie Museum Kopenhaga, Dania<\/li>\n<\/ul>\n<p>\u00a0<strong>2006<\/strong><\/p>\n<ul>\n<li>\u201ePlener \u2013 Karkonosze 2005\u201d, Muzeum Przyrodnicze Karkonoskiego Parku Narodowego, Jelenia G\u00f3ra<\/li>\n<li>\u201eDzie\u0144 Ziemi\u201d, plenerowe warsztaty tw\u00f3rcze \u201eDotyk wilgoci\u201d, Pola Mokotowskie, Warszawa<\/li>\n<li>\u201eOtworki w dzia\u0142aniu\u201d,fotografia, Galeria Dzia\u0142a\u0144, Warszawa<\/li>\n<li>\u201eFotografia otworkowa z kolekcji Z.T\u201d, Dom Edyty Stein, Wroc\u0142aw<\/li>\n<li>\u201eZapis procesu kreacji\u201d, Muzeum Archeologiczno\u2013Historyczne w G\u0142ogowie<\/li>\n<li>\u201eXIV Biennale Fotografii G\u00f3rskiej \u2013 Plener Samotnia 2005\/2006\u201d Muzeum Karkonoskie w Jeleniej G\u00f3rze<\/li>\n<li>\u201eZapis procesu kreacji\u201d, Nowohuckie Centrum Kultury, Krak\u00f3w<\/li>\n<\/ul>\n<p><strong>2007<\/strong><\/p>\n<ul>\n<li>\u201eCzas\u201d, wystawa ksi\u0105\u017cek artystycznych z Polski, Wielkiej Brytanii, Niemiec i Irlandii, National Print Museum, Dublin, Irlandia<\/li>\n<li>\u201ePierwsza Aukcja Wsp\u00f3\u0142czesnej Sztuki Polskiej\u201d, Konsulat Generalny RP, Nowy York<\/li>\n<\/ul>\n<p>\u00a0\u00a0<strong>2008<\/strong><\/p>\n<ul>\n<li>\u201eWymiary Obrazu\u201d, prezentacja cyjanotypii, Muzeum Kinematografii, \u0141\u00f3d\u017a<\/li>\n<li>\u201eOtwarty Egzamin \u2013 Ty i Ja 2008\u201d, prezentacja pracy fotograficznej, Galeria \u201ePatio\u201d, \u0141\u00f3d\u017a<\/li>\n<li>\u201eXV Biennale Fotografii G\u00f3rskiej\u201d, Muzeum Karkonoskie, Jelenia G\u00f3ra<\/li>\n<\/ul>\n<p>\u00a0<strong>2009<\/strong>\u00a0<\/p>\n<ul>\n<li>\u201eKsi\u0105\u017cki Artyst\u00f3w Polski Zachodniej i P\u00f3\u0142nocnej zg\u0142oszone do Kolekcji Polska Ksi\u0105\u017cka Artystyczna z prze\u0142omu XX i XXI wieku\u201d, prezentacja ksi\u0105\u017cek artystycznych, Galeria Pod Plafonem, Wroc\u0142aw<\/li>\n<li>\u201eOtwarty Egzamin \u2013 Ty i Ja 2009\u201d, prezentacja pracy malarskiej Galeria Patio, \u0141\u00f3d\u017a<\/li>\n<\/ul>\n<p>\u00a0<strong>2010<\/strong>\u00a0<\/p>\n<ul>\n<li>\u201eThe Great Book of Graphic Arts \u2013 from the second half of 20th century\u201d, prezentacja pracy graficznej, Capri,W\u0142ochy \/ Budapeszt, W\u0119gry \/ Galeria Patio, \u0141\u00f3d\u017a, Polska \/ Bruksela, Belgia<\/li>\n<li>\u201eW labiryncie grafiki\u201d, prezentacja prac graficznych, Galeria Wydzia\u0142u Artystycznego Uniwersytetu \u015al\u0105skiego, Cieszyn<\/li>\n<li>\u201e6 Mi\u0119dzynarodowe Biennale Miniatury\u201d, prezentacja trzech miniatur rysunkowych, Cz\u0119stochowa<\/li>\n<li>\u201eI Mi\u0119dzynarodowe Spotkania z Fotografi\u0105 G\u00f3rsk\u0105\u201d, prezentacja fotografii, Muzeum Karkonoskie, Jelenia G\u00f3ra<\/li>\n<li>\u201e23 Festiwal Malarstwa Wsp\u00f3\u0142czesnego\u201d, prezentacja trzech prac malarskich, Szczecin (nominacja do nagrody)<\/li>\n<\/ul>\n<p>\u00a0<strong>2011<\/strong><\/p>\n<ul>\n<li>\u201e6 Mi\u0119dzynarodowe Biennale Miniatury\u201d,\u00a0prezentacja trzech miniatur rysunkowych, Biuro Wystaw Artystycznych,\u00a0Tarn\u00f3w \/ Nowohuckie Centrum Kultury, Krak\u00f3w\/Galeria Sztuki \u2013 Bez Podzia\u0142u. D\u0105browa G\u00f3rnicza\/Galeria Sztuki im Jana Tarasina, Kalisz\u00a0\/ Galeria Spokojna 15, ASP Warszawa<\/li>\n<li>Uniwersyteckie Spotkania ze Sztuk\u0105, Wydzia\u0142 Pedagogiczo\u2013Artystyczny Uniowersytetu im. Adama Mickiewicza w Kaliszu, prezentacja dokumentacji kilkudziesi\u0119ciu warsztat\u00f3w tw\u00f3rczych<\/li>\n<li>\u201eWystawy jubileuszowe 100\u2013 lecia Zwi\u0105zku Polskich Artyst\u00f3w Plastyk\u00f3w \u2013 Po setce 1911\u20132011\u201d, prezentacja monumentalnego poliptyku malarskiego, Galeria \u201eNa Odwachu\u201d, Wroc\u0142aw<\/li>\n<li>\u201ePrzybysze i tubylcy \u2013 20 lat Instytutu Sztuk Wizualnych UZ\u201d, Galeria Biuro Wystaw Artystycznych w Zielonej G\u00f3rze prezentacja multimedialna z warsztat\u00f3w tw\u00f3rczych<\/li>\n<\/ul>\n<ul>\n<li>\u201eThe Collection of Polish Book Art from the 20th to the 21st century\u201d, Musashino Art University \/Muzeum &amp; Library, Tokyo, Japonia prezentacja unikatowej ksi\u0105\u017cki artystycznej<\/li>\n<\/ul>\n<p><strong>2012<\/strong><\/p>\n<ul>\n<li>\u201e7 Mi\u0119dzynarodowe Biennale Miniatury Cz\u0119stochowa 2012\u201d, prezentacja pracy fotograficznej Galeria \u201eGaude Mater\u201d w Cz\u0119stochowie, Galeria Test \u2013 Mazowieckie Centrum Kultury, Warszawa<\/li>\n<li>Festiwal Fotografii G\u00f3rskiej \u201ePolsko \u2013 Czeskie Karkonosze\u201d, Jelenia G\u00f3ra, Jeleniog\u00f3rskie Centrum Kultury, Muzeum Podkrkonosi w Trutnowie, Muzeum Karkonoskie w Jeleniej G\u00f3rze, prezentacja czterech prac fotograficznych<\/li>\n<li>\u201e8 International Biennial of Drawing Pilsen 2012\u201d, Gallery of the City of Pilsen, prezentacja pracy rysunkowej \u201eSomething\u201d format 100 x 70 cm, Pilzno, Republika Czeska<\/li>\n<li>\u201ePrzestrze\u0144 pomi\u0119dzy nami \u2013 space between us \u2013 der raum zwischen uns\u201d wystawa \u2013 prezentacja tw\u00f3rc\u00f3w z Akademii Sztuk Pi\u0119knych im.Eugeniusza Gepperta we Wroc\u0142awiu w Wiesbaden; prezentacja unikatowej ksi\u0105\u017cki artystycznej \u2013 \u201eKsi\u0105\u017cka z dw\u00f3ch podr\u00f3\u017cy\u201d format zwoju 28 cm x 980 cm<\/li>\n<li>\u201eV Mi\u0119dzynarodowy Konkurs Rysunku \u2013 Wroc\u0142aw 2012\u201d, Muzeum Architektury, Wroc\u0142aw \u2013 prezentacja dw\u00f3ch prac rysunkowych w formacie 100 x 70 cm.<\/li>\n<\/ul>\n<p><strong>2013<\/strong><\/p>\n<ul>\n<li>\u201e7 Mi\u0119dzynarodowe Biennale Miniatury Cz\u0119stochowa 2012\u201d, prezentacja pracy fotograficznej, Nowohuckie Centrum Kultury, Krak\u00f3w, (6\u201326 luty), Wroc\u0142aw (sierpie\u0144),<\/li>\n<li>\u201eThe Best Works of The Biennal of Drawing Pilsen 2012\u201d, prezentacja wybranego rysunku w gronie najlepszych prac z Biennale, Centrum Bavaria Bohemia in Schonsee \u2013 Germany (25.4.2013 \u2013 2.6.2013)<\/li>\n<li>\u201eTransakcja \u0142\u0105czona III\u201d, prezentacja 4 obraz\u00f3w, wystawa wyk\u0142adowc\u00f3w i student\u00f3w Uniwersytetu Artystycznego w Poznaniu i Akademii Sztuk Pi\u0119knych im. Eugeniusza Gepperta we Wroc\u0142awiu, Instytut Historii Sztuki Uniwersytetu Wroc\u0142awskiego, Wroc\u0142aw (07.05.2013\u201313.05.2013)<\/li>\n<li>\u201eBy\u0142o nie by\u0142o\u201d, prezentacja 10 fotografii, wystawa w ramach prezentacji tw\u00f3rczo\u015bci stowarzyszenia Jeleniog\u00f3rska Strefa Fotografii, Klub Gradient, Wroc\u0142aw, (czerwiec, lipiec, sierpie\u0144)<\/li>\n<li>Wiesbadener Fototage \u201eIm Lauf der Zeit\u201d Festiwal fur Zeitgenossische Fotografie, prezentacja czterech fotografii w formacie 60 x 50 cm, Wiesbaden, Niemcy, (07.09.2013 \u2013 22.09.2013)<\/li>\n<li>\u201eThe best works of The Biennial of Drawing Pilsen 2012\u201d, prezentacja wybranego rysunku w gronie najlepszych prac z Biennale Gallery of Szombathely \u2013 W\u0119gry (03.10.2013\u201324.11.2013)<\/li>\n<li>\u201ePolsko\u2013Czeska Wszechnica Fotograficzna 2013\u201d Galeria \u201eKorytarz\u201d, Jeleniog\u00f3rskie Centrum Kultury, Jelenia G\u00f3ra, (listopad 2013)<\/li>\n<li>Winter Art 2013, prezentacja 11 prac malarskich,\u201d Galeria \u201ePOKUSA \u2013 Polnischer Kultur Salon\u201d, Wiesbaden, Niemcy (grudzie\u0144 2013)<\/li>\n<\/ul>\n<p><strong>2014<\/strong><\/p>\n<ul>\n<li>\u201ePolsko\u2013ceska fotograficka vsechnice 2013\u201d, Muzeum Podkarkonoszy, Trutnov, Republika Czeska, (stycze\u0144 2014)<\/li>\n<li>\u201eKresba\u201d prezentacja wybranego rysunku w gronie prac z 8 Biennale Rysunku w Pil\u017cnie, Turiec Galery w Martin, Republika Czeska (13.3.2014 \u2013 4.5.2014)<\/li>\n<li>\u201eObraz kontrolny\u201d Prezentacja 10 prac fotograficznych z cyklu \u201eMediacje z cia\u0142em\u201d, Galeria ASP \u201eNeon\u201d, Centrum Innowacyjno\u015bci, Wroc\u0142aw (15.04.2014 \u2013 30.04.2014)<\/li>\n<li>\u201eSamotnia 2014 \u2013 Karkonosze z obu stron\u201d \u2013 wystawa fotografii w ramach projektu polsko \u2013 czeskiego \u2013 \u201eNauczyciele i uczniowie. \u015awi\u0119to negatywu\u201d (15.08.2014 \u2013 30.09. 2014) Muzeum Karkonoskie, Jelenia G\u00f3ra<\/li>\n<li>\u201eSamotnia 2014 \u2013 Krkonose z obou stran\u201d wystawa w ramach projektu polsko \u2013 czeskiego \u201eUcitele a zaci \u2013 slavnosti negativu\u201d pa\u017adziernik, Muzeum Podkrkonosi, Trutnov, Republika Czeska, (02.10.\u201330.10.2014)<\/li>\n<li>\u201c9\u2013th International Biennial of drawing Pilsen 2014\u201d,, Gallery of the City of Pilsen, Pilzno, Republika Czeska, (8.10.\u201316.11.2014), prezentacja pracy rysunkowej \u201c Siedem ekran\u00f3w \u2013 Seven screen\u201d<\/li>\n<\/ul>\n<p>\u00a0<strong>2015<\/strong><\/p>\n<ul>\n<li>II Mi\u0119dzynarodowy Konkurs Artystyczny \u2013 PEJZA\u017b WSP\u00d3\u0141CZESNY\u201d, Cz\u0119stochowa 2014, Miejska Galeria Sztuki, (09.01\u201315.02. 2015)<\/li>\n<li>Wystawa poplenerowa \u201eStrefa Szczeliniec 2015\u201d Galeria \u201eEcocentrum\u201d Parku Narodowego G\u00f3r Sto\u0142owych, Kudowa Zdr\u00f3j (wernisa\u017c 23. 10. 2015)<\/li>\n<\/ul>\n<p><strong>2016<\/strong><\/p>\n<ul>\n<li>\u201eWroc\u0142aw Now \u2013 niekt\u00f3re oblicza porz\u0105dku \u2013 some manifestations of order\u201d, wystawa w Kiszyniowie, Mo\u0142dawia, maj 2016, prezentacja dw\u00f3ch prac malarskich w formacie 30 x 40 cm<\/li>\n<li>Fotofestiwal \u0141\u00f3d\u017a, \u201e\u015awiat\u0142o\u2013czu\u0142a\u201d, Galeria OFF Piotrkowska, \u0141\u00f3d\u017a (9.06.2016\u201319.06.2016), prezentacja 9 poliptyk\u00f3w sk\u0142adaj\u0105cych si\u0119 z 48 cyjanotypii podmalowywanych akwarel\u0105 i szelakiem oraz kredk\u0105.<\/li>\n<li>\u201ePrezentacja tw\u00f3rc\u00f3w z Akademii Sztuk Pi\u0119knych we Wroc\u0142awiu \u2013 miasta Europejskiej Stolicy Kultury 2016\u201d, Star Galery i Star Teatr, Pekin (27.08.2016\u2013 25.09.2016) Instytucja zapraszaj\u0105ca: Beijing Tian Yi Tong Ge International Art and Culture Co.Ltd., prezentacja 9 rysunk\u00f3w w formacie 100 x 70 cm.<\/li>\n<li>\u201e70 x 70\u201d \u2013 wystawa towarzysz\u0105ca obchodom jubileuszu 70\u2013lecia Akademii Sztuk Pi\u0119knych im. Eugeniusza Gepperta we Wroc\u0142awiu, Aula ASP we Wroc\u0142awiu, lipiec \u2013 pa\u017adziernik 2016, prezentacja pracy malarskiej \u201eWieniec niekoniecznie laurowy na forme\u0328 niekoniecznie rozpoznawalna\u0328\u201d, format 70 x 70 cm.<\/li>\n<li>\u201eIngerencje\u201d, wystawa towarzysz\u0105ca XIX Biennale Fotografii G\u00f3rskiej, Galeria Korytarz, Jeleniog\u00f3rskie Centrum Kultury w Jeleniej G\u00f3rze, wrzesie\u0144 2016, prezentacja trzech poliptyk\u00f3w fotograficznych w formacie: jeden 100 x 70 cm, a dwa 50 x 50 cm<\/li>\n<li>\u201e2. Aukcja Profesor\u00f3w\u201d, Galeria Bohema \u2013 nowa sztuka, Warszawa, wystawa 9\u201321 wrze\u015bnia 2016, prezentacja pracy malarskiej \u201eKilka Uwag o siedemdziesi\u0119ciu\u201d, format 70 x 70 cm<\/li>\n<li>\u201e25 Festiwal Polskiego Malarstwa Wsp\u00f3\u0142czesnego\u201d, Zamek Ksi\u0105\u017c\u0105t Pomorskich, Szczecin 2016, prezentacja pracy malarskiej \u201eSiedmiopasmowa medytacja na tematy wrzes\u0301niowo aktualne\u201d 150 x 110 cm akryl na p\u0142o\u0301tnie, rok powstania 2014<\/li>\n<li>\u201ePrimary colours 2\u201d wystawa malarstwa o formatach 20 cm x 20 cm, Mini Salon Sztuki \u2013 Miejskie Centrum Kultury w Ciechocinku (28.10.2016\u201329.12.2016), prezentacja pracy \u201eKolory podstawowe\u201d, technika akrylowa na p\u0142\u00f3tnie, format 20 x 20 cm, kurator wystawy Pawe\u0142 Lewandowski \u2013 Palle<\/li>\n<\/ul>\n<p><strong>2017<\/strong><\/p>\n<ul>\n<li>\u201eRysopis w biegu \/Zimejumi steiga\u201d \u2013 wystawa rysunku i nowych medi\u00f3w rysunkowych, <br \/> sale wystawowe Akademii Sztuk Pi\u0119knych, Ryga, \u0141otwa 15.03.\u201308.04.2017, prezentacja trzech prac rysunkowych: \u201eTandem o uwa\u017cno\u015bci s\u0142uchania\u201d, \u201eTandem o zako\u0144czonej medytacji\u201d, \u201eTandem nie\u0142ebskiej pary\u201d format ka\u017cdej pracy 30 x 40 cm, technika rysunki w technice mieszanej na p\u0142\u00f3tnie naci\u0105gni\u0119tym na krosno malarskie, kuratorzy wystawy: Przemys\u0142aw Pintal i Bogna Kozera\u2013Radomska.<\/li>\n<li>\u201ePo stopach Majstra Pavla z Levo\u010de \u2013 Tropami Mistrza Paw\u0142a z Lewoczy\u201d\u2013 wystawa poplenerowa, Galeria Miejska w Lipanach, S\u0142owacja (09.07.2017\u201330.08 2017), prezentacja dw\u00f3ch obraz\u00f3w.<\/li>\n<li>\u201eBRATISLAVA PRO WRATISLAVIA \u2013 WRATISLAVIA PRO BRATISLAVA\u201d \u2013 prezentacja artyst\u00f3w z ASP we Wroc\u0142awiu na S\u0142owacji, Dom Umenia \u2013 Kunshalle, Bratys\u0142awa (4.10.2017\u201327.10.2017), S\u0142owacja, prezentacja dw\u00f3ch obraz\u00f3w.<\/li>\n<li>\u201eWystawa Artyst\u00f3w Plastyk\u00f3w z okazji 30 lecia istnienia kierunku edukacja artystyczna w zakresie sztuk plastycznych na Uniwersytecie im. Adama Mickiewicza w Poznaniu\u201d, Centrum Rysunku i Grafiki im. Tadeusza Kulisiewicza w Kaliszu, ( 6 pa\u017adziernik 2017), prezentacja 5 rysunk\u00f3w<\/li>\n<\/ul>\n<p><strong>2018<\/strong><\/p>\n<ul>\n<li>\u201eAleksandriale \u2013 Kolekcja Primary Colours\u201d, Galeria Sztuki Wsp\u00f3\u0142czesnej we W\u0142oc\u0142awku, kurator wystawy Natalia Dorocka, (5.01.2018\u20134.02.2018), prezentacja pracy malarskiej<\/li>\n<li>\u201eSto lat\u201d, Lwowski Pa\u0142ac Sztuki, Lw\u00f3w, Ukraina (10.05.2018\u201303.06.2018), prezentacja czterech prac malarskich<\/li>\n<li>\u201eDobry Den\u201d, Galeria Sztuki Wo\u0142y\u0144skiej, \u0141uck, Ukraina (15.06.2018\u201330 06.2018), prezentacja dw\u00f3ch prac malarskich<\/li>\n<li>\u201e+48 Malarstwo Wroc\u0142awskiej Akademii Sztuk Pi\u0119knych im. Eugeniusza Gepperta\u201d, Kamieniecka Galeria Sztuki, Kamieniec Podolski, Ukraina (16.06.2018\u201301.07.2018), prezentacja dw\u00f3ch prac malarskich<\/li>\n<li>\u201eSPOTLIGHT\u201d, Art Trace Gallery w Tokio (Japonia), wystawa by\u0142a cz\u0119\u015bci\u0105 projektu LIMITED VISION edycji japo\u0144ska (19.07.2018\u201303.08.2018), prezentacja rysunku na fotografii<\/li>\n<li>Limited Vision edycja polska, Galeria Narodowego Forum Muzyki we Wroc\u0142awiu (18.10.2018\u201319.11.2018), prezentacja pracy rysunkowej 100 x 74 cm na p\u0142\u00f3tnie,<\/li>\n<li>\u201eRelacje \u2013 Wztahy\u201d, Wystawa pedagog\u00f3w Wydzia\u0142u Malarstwa i Rze\u017aby ASP we Wroc\u0142awiu, Centrum Sztuki Uniwersytetu w O\u0142omu\u0144cu, Czechy (26.10.2018\u201323.11.2018), prezentacja pracy malarskiej<\/li>\n<\/ul>\n<p>\u00a0<strong>2019<\/strong><\/p>\n<ul>\n<li>\u201eKomunikacja \u2013 Mediacja \u2013 Sztuka\u201d wystawa towarzysz\u0105ca konferencji \u201eKomunikacja w obszarach sztuki i techniki, sala 409 Centrum Sztuk U\u017cytkowych ASP we Wroc\u0142awiu, 9 maja 2019, prezentacja pracy malarskiej na p\u0142\u00f3tnie w formacie 90 x 90 cm<\/li>\n<li>\u201eS\u0142owo i obraz\u201d wystawa Katedry Mediacji Sztuki ASP we Wroc\u0142awiu. Uniwersytet Wroc\u0142awski (13\u201314.05.2019), prezentacja siedmiu ksi\u0105\u017cek artystycznych.<\/li>\n<li>\u201eKredit!\u201d Galeria Runde Ecke, wystawa dydaktyk\u00f3w Wydzia\u0142u Malarstwa i Rze\u017aby ASP we Wroc\u0142awiu, Drezno, Niemcy (24.05.2019\u201321.06.2019), prezentacja pracy malarskiej 90 x 90 cm<\/li>\n<li>\u201eOpenness\u201d, wystawa sztuki wsp\u00f3\u0142czesnej akademickich o\u015brodk\u00f3w w Polsce, He Shuifa Art Gallery w Shaoxing, Chiny (otwarcie 12.06.2019), prezentacja trzech prac malarskich na papierze 100 x 70 cm<\/li>\n<\/ul>\n<p>[\/et_pb_text][\/et_pb_column][\/et_pb_row][\/et_pb_section]<\/p>\n","protected":false},"excerpt":{"rendered":"<p>DOROBEK ARTYSTYCZNY Udzia\u0142 w wystawach i prezentacjach zbiorowych 1983 \u201eIV Og\u00f3lnopolski Konkurs Graficzny\u201d, Muzeum Okr\u0119gowe, Jelenia G\u00f3ra \u201eDom i wychowanie\u201d, Pa\u0142ac Kultury i Nauki, Warszawa \u00a0\u00a01984 \u201eV Og\u00f3lnopolska Wystawa M\u0142odej Grafiki\u201d, Biuro Wystaw Artystycznych, Pozna\u0144 \u201epARTner\u201d, Biuro Wystaw Artystycznych, Wroc\u0142aw \u201eVIII Og\u00f3lnopolska Wystawa Pokonkursowa Grafiki\u201d, BWA, \u0141\u00f3d\u017a \u201eVII Norweskie Mi\u0119dzynarodowe Biennale Grafiki\u201d, Friedrikstad, Norwegia \u201eWarsztaty [&hellip;]<\/p>\n","protected":false},"author":1,"featured_media":0,"parent":0,"menu_order":0,"comment_status":"closed","ping_status":"closed","template":"","meta":{"_et_pb_use_builder":"on","_et_pb_old_content":"","_et_gb_content_width":"","footnotes":""},"class_list":["post-1453","page","type-page","status-publish","hentry"],"_links":{"self":[{"href":"https:\/\/jozefowski.art\/pl\/wp-json\/wp\/v2\/pages\/1453","targetHints":{"allow":["GET"]}}],"collection":[{"href":"https:\/\/jozefowski.art\/pl\/wp-json\/wp\/v2\/pages"}],"about":[{"href":"https:\/\/jozefowski.art\/pl\/wp-json\/wp\/v2\/types\/page"}],"author":[{"embeddable":true,"href":"https:\/\/jozefowski.art\/pl\/wp-json\/wp\/v2\/users\/1"}],"replies":[{"embeddable":true,"href":"https:\/\/jozefowski.art\/pl\/wp-json\/wp\/v2\/comments?post=1453"}],"version-history":[{"count":7,"href":"https:\/\/jozefowski.art\/pl\/wp-json\/wp\/v2\/pages\/1453\/revisions"}],"predecessor-version":[{"id":1565,"href":"https:\/\/jozefowski.art\/pl\/wp-json\/wp\/v2\/pages\/1453\/revisions\/1565"}],"wp:attachment":[{"href":"https:\/\/jozefowski.art\/pl\/wp-json\/wp\/v2\/media?parent=1453"}],"curies":[{"name":"wp","href":"https:\/\/api.w.org\/{rel}","templated":true}]}}